{"id":585,"date":"2025-08-27T19:35:53","date_gmt":"2025-08-27T17:35:53","guid":{"rendered":"https:\/\/vilnodentic.pl\/?page_id=585"},"modified":"2025-08-27T20:58:34","modified_gmt":"2025-08-27T18:58:34","slug":"strona-2","status":"publish","type":"page","link":"https:\/\/vilnodentic.pl\/index.php\/strona-2\/","title":{"rendered":"Strona 2"},"content":{"rendered":"\t\t<div data-elementor-type=\"wp-page\" data-elementor-id=\"585\" class=\"elementor elementor-585\" data-elementor-post-type=\"page\">\n\t\t\t\t\t\t<section class=\"elementor-section elementor-top-section elementor-element elementor-element-1032d5a elementor-section-boxed elementor-section-height-default elementor-section-height-default\" data-id=\"1032d5a\" data-element_type=\"section\" data-settings=\"{&quot;ekit_has_onepagescroll_dot&quot;:&quot;yes&quot;}\">\n\t\t\t\t\t\t<div class=\"elementor-container elementor-column-gap-default\">\n\t\t\t\t\t<div class=\"elementor-column elementor-col-100 elementor-top-column elementor-element elementor-element-13d4416\" data-id=\"13d4416\" data-element_type=\"column\">\n\t\t\t<div class=\"elementor-widget-wrap elementor-element-populated\">\n\t\t\t\t\t\t<div class=\"elementor-element elementor-element-51781db elementor-widget elementor-widget-spacer\" data-id=\"51781db\" data-element_type=\"widget\" data-settings=\"{&quot;ekit_we_effect_on&quot;:&quot;none&quot;}\" data-widget_type=\"spacer.default\">\n\t\t\t\t<div class=\"elementor-widget-container\">\n\t\t\t\t\t\t\t<div class=\"elementor-spacer\">\n\t\t\t<div class=\"elementor-spacer-inner\"><\/div>\n\t\t<\/div>\n\t\t\t\t\t\t<\/div>\n\t\t\t\t<\/div>\n\t\t\t\t<div class=\"elementor-element elementor-element-f1a935a elementor-widget elementor-widget-heading\" data-id=\"f1a935a\" data-element_type=\"widget\" data-settings=\"{&quot;ekit_we_effect_on&quot;:&quot;none&quot;}\" data-widget_type=\"heading.default\">\n\t\t\t\t<div class=\"elementor-widget-container\">\n\t\t\t\t\t<h2 class=\"elementor-heading-title elementor-size-default\">ZESP\u00d3\u0141<\/h2>\t\t\t\t<\/div>\n\t\t\t\t<\/div>\n\t\t\t\t<section class=\"elementor-section elementor-inner-section elementor-element elementor-element-62698db elementor-section-content-space-evenly elementor-section-boxed elementor-section-height-default elementor-section-height-default\" data-id=\"62698db\" data-element_type=\"section\" data-settings=\"{&quot;ekit_has_onepagescroll_dot&quot;:&quot;yes&quot;}\">\n\t\t\t\t\t\t<div class=\"elementor-container elementor-column-gap-custom\">\n\t\t\t\t\t<div class=\"elementor-column elementor-col-33 elementor-inner-column elementor-element elementor-element-80240ce\" data-id=\"80240ce\" data-element_type=\"column\" data-settings=\"{&quot;background_background&quot;:&quot;gradient&quot;}\">\n\t\t\t<div class=\"elementor-widget-wrap elementor-element-populated\">\n\t\t\t\t\t\t<div class=\"elementor-element elementor-element-6e3e15f elementor-position-top elementor-widget elementor-widget-image-box\" data-id=\"6e3e15f\" data-element_type=\"widget\" data-settings=\"{&quot;ekit_we_effect_on&quot;:&quot;none&quot;}\" data-widget_type=\"image-box.default\">\n\t\t\t\t<div class=\"elementor-widget-container\">\n\t\t\t\t\t<div class=\"elementor-image-box-wrapper\"><figure class=\"elementor-image-box-img\"><img fetchpriority=\"high\" decoding=\"async\" width=\"533\" height=\"800\" src=\"https:\/\/vilnodentic.pl\/wp-content\/uploads\/2025\/08\/1_Julia_Lukasiewicz_lekarz_stomatolog_protetyk.jpg\" class=\"attachment-full size-full wp-image-349\" alt=\"\" srcset=\"https:\/\/vilnodentic.pl\/wp-content\/uploads\/2025\/08\/1_Julia_Lukasiewicz_lekarz_stomatolog_protetyk.jpg 533w, https:\/\/vilnodentic.pl\/wp-content\/uploads\/2025\/08\/1_Julia_Lukasiewicz_lekarz_stomatolog_protetyk-200x300.jpg 200w\" sizes=\"(max-width: 533px) 100vw, 533px\" \/><\/figure><div class=\"elementor-image-box-content\"><h3 class=\"elementor-image-box-title\">Julia Lukasiewicz<br\/><small>Lekarz dentysta<\/small><\/h3><p class=\"elementor-image-box-description\"><small>Specjalizuje si\u0119 w protetyce, stomatologii estetycznej i medycynie estetyczne.<\/small><\/p><\/div><\/div>\t\t\t\t<\/div>\n\t\t\t\t<\/div>\n\t\t\t\t\t<\/div>\n\t\t<\/div>\n\t\t\t\t<div class=\"elementor-column elementor-col-33 elementor-inner-column elementor-element elementor-element-aee59e8\" data-id=\"aee59e8\" data-element_type=\"column\" data-settings=\"{&quot;background_background&quot;:&quot;gradient&quot;}\">\n\t\t\t<div class=\"elementor-widget-wrap elementor-element-populated\">\n\t\t\t\t\t\t<div class=\"elementor-element elementor-element-12cc9ea elementor-position-top elementor-widget elementor-widget-image-box\" data-id=\"12cc9ea\" data-element_type=\"widget\" data-settings=\"{&quot;ekit_we_effect_on&quot;:&quot;none&quot;}\" data-widget_type=\"image-box.default\">\n\t\t\t\t<div class=\"elementor-widget-container\">\n\t\t\t\t\t<div class=\"elementor-image-box-wrapper\"><figure class=\"elementor-image-box-img\"><img decoding=\"async\" width=\"533\" height=\"800\" src=\"https:\/\/vilnodentic.pl\/wp-content\/uploads\/2025\/08\/2_Weronika_Wisniewska_lekarz_stomatolog.jpg\" class=\"attachment-full size-full wp-image-350\" alt=\"\" srcset=\"https:\/\/vilnodentic.pl\/wp-content\/uploads\/2025\/08\/2_Weronika_Wisniewska_lekarz_stomatolog.jpg 533w, https:\/\/vilnodentic.pl\/wp-content\/uploads\/2025\/08\/2_Weronika_Wisniewska_lekarz_stomatolog-200x300.jpg 200w\" sizes=\"(max-width: 533px) 100vw, 533px\" \/><\/figure><div class=\"elementor-image-box-content\"><h3 class=\"elementor-image-box-title\">Weronika Wi\u015bniewska<br\/><small>Lekarz stomatolog<\/small><\/h3><p class=\"elementor-image-box-description\"><b>Stomatologia zachowawcza i dzieci\u0119ca<\/b><br\/><small>Absolwentka Warszawskiego Uniwersytetu Medycznego. W codziennej praktyce zajmuje si\u0119 stomatologi\u0105 zachowawcz\u0105 oraz stomatologi\u0105 dzieci\u0119c\u0105 stale poszerzaj\u0105c swoj\u0105 wiedz\u0119 i umiej\u0119tno\u015bci z tego zakresu w profesjonalnych szkoleniach. Zainteresowana nowo\u015bciami w \u015bwiecie stomatologii, kt\u00f3rymi dzieli si\u0119 w dziale \u201eaktualno\u015bci naukowe\" w czasopi\u015bmie \u201eStomatologia po Dyplomie\". Dok\u0142ada wszelkich stara\u0144 aby wizyta na fotelu stomatologicznym przebieg\u0142a komfortowo, w mi\u0142ej i przyjaznej atmosferze.<\/small><\/p><\/div><\/div>\t\t\t\t<\/div>\n\t\t\t\t<\/div>\n\t\t\t\t\t<\/div>\n\t\t<\/div>\n\t\t\t\t<div class=\"elementor-column elementor-col-33 elementor-inner-column elementor-element elementor-element-55aa962\" data-id=\"55aa962\" data-element_type=\"column\" data-settings=\"{&quot;background_background&quot;:&quot;gradient&quot;}\">\n\t\t\t<div class=\"elementor-widget-wrap elementor-element-populated\">\n\t\t\t\t\t\t<div class=\"elementor-element elementor-element-2a4f6ee elementor-position-top elementor-widget elementor-widget-image-box\" data-id=\"2a4f6ee\" data-element_type=\"widget\" data-settings=\"{&quot;ekit_we_effect_on&quot;:&quot;none&quot;}\" data-widget_type=\"image-box.default\">\n\t\t\t\t<div class=\"elementor-widget-container\">\n\t\t\t\t\t<div class=\"elementor-image-box-wrapper\"><figure class=\"elementor-image-box-img\"><img decoding=\"async\" width=\"533\" height=\"800\" src=\"https:\/\/vilnodentic.pl\/wp-content\/uploads\/2025\/08\/3_Anna_Torbiczuk_Rowinska_lekarz_stomatolog_endodonta.jpg\" class=\"attachment-full size-full wp-image-351\" alt=\"\" srcset=\"https:\/\/vilnodentic.pl\/wp-content\/uploads\/2025\/08\/3_Anna_Torbiczuk_Rowinska_lekarz_stomatolog_endodonta.jpg 533w, https:\/\/vilnodentic.pl\/wp-content\/uploads\/2025\/08\/3_Anna_Torbiczuk_Rowinska_lekarz_stomatolog_endodonta-200x300.jpg 200w\" sizes=\"(max-width: 533px) 100vw, 533px\" \/><\/figure><div class=\"elementor-image-box-content\"><h3 class=\"elementor-image-box-title\">Anna Torbiczuk Rowi\u0144ska<br\/><small>Lekarz stomatolog<\/small><\/h3><p class=\"elementor-image-box-description\"><b>Stomatologia zachowawcz\u0105 i endodoncja<\/b><br\/><small>Absolwentka Lubelskiego Uniwersytetu Medycznego. Zajmuje si\u0119 stomatologi\u0105 zachowawcz\u0105 i endodoncj\u0105 pod mikroskopem. Uczestniczka wielu kurs\u00f3w i szkole\u0144 z zakresu stomatologii zachowawczej i endodoncji. Zawsze dok\u0142adnie t\u0142umaczy pacjentom na czym polega wykonywany przez ni\u0105 zabieg. Przyjmuje najbardziej wymagaj\u0105cych pacjent\u00f3w szczeg\u00f3\u0142owo ich diagnozuj\u0105c i uk\u0142adaj\u0105c dostosowany do ich potrzeb plan leczenia.<\/small><\/p><\/div><\/div>\t\t\t\t<\/div>\n\t\t\t\t<\/div>\n\t\t\t\t\t<\/div>\n\t\t<\/div>\n\t\t\t\t\t<\/div>\n\t\t<\/section>\n\t\t\t\t<section class=\"elementor-section elementor-inner-section elementor-element elementor-element-e36fa40 elementor-section-content-space-evenly elementor-section-boxed elementor-section-height-default elementor-section-height-default\" data-id=\"e36fa40\" data-element_type=\"section\" data-settings=\"{&quot;ekit_has_onepagescroll_dot&quot;:&quot;yes&quot;}\">\n\t\t\t\t\t\t<div class=\"elementor-container elementor-column-gap-default\">\n\t\t\t\t\t<div class=\"elementor-column elementor-col-33 elementor-inner-column elementor-element elementor-element-f45451f\" data-id=\"f45451f\" data-element_type=\"column\" data-settings=\"{&quot;background_background&quot;:&quot;gradient&quot;}\">\n\t\t\t<div class=\"elementor-widget-wrap elementor-element-populated\">\n\t\t\t\t\t\t<div class=\"elementor-element elementor-element-1869c14 elementor-position-top elementor-widget elementor-widget-image-box\" data-id=\"1869c14\" data-element_type=\"widget\" data-settings=\"{&quot;ekit_we_effect_on&quot;:&quot;none&quot;}\" data-widget_type=\"image-box.default\">\n\t\t\t\t<div class=\"elementor-widget-container\">\n\t\t\t\t\t<div class=\"elementor-image-box-wrapper\"><figure class=\"elementor-image-box-img\"><img loading=\"lazy\" decoding=\"async\" width=\"533\" height=\"800\" src=\"https:\/\/vilnodentic.pl\/wp-content\/uploads\/2025\/08\/4_Alicja_Kondej_lekarz_stomatolog_ortodonta.jpg\" class=\"attachment-full size-full wp-image-352\" alt=\"\" srcset=\"https:\/\/vilnodentic.pl\/wp-content\/uploads\/2025\/08\/4_Alicja_Kondej_lekarz_stomatolog_ortodonta.jpg 533w, https:\/\/vilnodentic.pl\/wp-content\/uploads\/2025\/08\/4_Alicja_Kondej_lekarz_stomatolog_ortodonta-200x300.jpg 200w\" sizes=\"(max-width: 533px) 100vw, 533px\" \/><\/figure><div class=\"elementor-image-box-content\"><h3 class=\"elementor-image-box-title\">Alicja Kondej<br\/><small>Lekarz dentysta<\/small><\/h3><p class=\"elementor-image-box-description\"><b>Ortodonta, lekarz stomatolog<\/b><br\/><small>Absolwentka Warszawskiego Uniwersytetu Medycznego. Od lat wsp\u00f3\u0142pracuje z wieloma specjalistami ortodoncji, kt\u00f3rzy przekazywali jej swoj\u0105 wiedz\u0119 i pasj\u0119 do leczenia. Uko\u0144czy\u0142a Mi\u0119dzynarodow\u0105 specjalizacj\u0119 na Westfalskim Uniwersytecie Wilhelma w M\u00fcnsterze. Stale poszerza swoje umiej\u0119tno\u015bci podczas licznych szkole\u0144 z zakresu ortodoncji.<\/small><\/p><\/div><\/div>\t\t\t\t<\/div>\n\t\t\t\t<\/div>\n\t\t\t\t\t<\/div>\n\t\t<\/div>\n\t\t\t\t<div class=\"elementor-column elementor-col-33 elementor-inner-column elementor-element elementor-element-26758f0\" data-id=\"26758f0\" data-element_type=\"column\" data-settings=\"{&quot;background_background&quot;:&quot;gradient&quot;}\">\n\t\t\t<div class=\"elementor-widget-wrap elementor-element-populated\">\n\t\t\t\t\t\t<div class=\"elementor-element elementor-element-a452e32 elementor-position-top elementor-widget elementor-widget-image-box\" data-id=\"a452e32\" data-element_type=\"widget\" data-settings=\"{&quot;ekit_we_effect_on&quot;:&quot;none&quot;}\" data-widget_type=\"image-box.default\">\n\t\t\t\t<div class=\"elementor-widget-container\">\n\t\t\t\t\t<div class=\"elementor-image-box-wrapper\"><figure class=\"elementor-image-box-img\"><img decoding=\"async\" src=\"https:\/\/vilnodentic.pl\/wp-content\/plugins\/elementor\/assets\/images\/placeholder.png\" title=\"\" alt=\"\" loading=\"lazy\" \/><\/figure><div class=\"elementor-image-box-content\"><h3 class=\"elementor-image-box-title\">Micha\u0142 Korba<br\/><small>Lekarz dentysta<\/small><\/h3><p class=\"elementor-image-box-description\"><b>Specjalista chirurgii i implantologii stomatologicznej<\/b><br\/><small>\nAbsolwent \u0141\u00f3dzkiego Uniwersytetu Medycznego. Po uzyskaniu tytu\u0142u lekarza dentysty odby\u0142 szkolenie specjalizacyjne z zakresu chirurgii stomatologicznej na Klinicznym Oddziale Chirurgii Czaszkowo-Szcz\u0119kowo-Twarzowej WIM w Warszawie. Stale poszerza swoj\u0105 wiedz\u0119 oraz umiej\u0119tno\u015bci uczestnicz\u0105c w licznych szkoleniach z zakresu implantologii i chirurgii stomatologicznej<\/small><\/p><\/div><\/div>\t\t\t\t<\/div>\n\t\t\t\t<\/div>\n\t\t\t\t\t<\/div>\n\t\t<\/div>\n\t\t\t\t<div class=\"elementor-column elementor-col-33 elementor-inner-column elementor-element elementor-element-054716c\" data-id=\"054716c\" data-element_type=\"column\" data-settings=\"{&quot;background_background&quot;:&quot;gradient&quot;}\">\n\t\t\t<div class=\"elementor-widget-wrap elementor-element-populated\">\n\t\t\t\t\t\t<div class=\"elementor-element elementor-element-c97a224 elementor-position-top elementor-widget elementor-widget-image-box\" data-id=\"c97a224\" data-element_type=\"widget\" data-settings=\"{&quot;ekit_we_effect_on&quot;:&quot;none&quot;}\" data-widget_type=\"image-box.default\">\n\t\t\t\t<div class=\"elementor-widget-container\">\n\t\t\t\t\t<div class=\"elementor-image-box-wrapper\"><figure class=\"elementor-image-box-img\"><img loading=\"lazy\" decoding=\"async\" width=\"533\" height=\"800\" src=\"https:\/\/vilnodentic.pl\/wp-content\/uploads\/2025\/08\/7_Natalia_Hetta_asystentka_stomatologiczna.jpg\" class=\"attachment-full size-full wp-image-355\" alt=\"\" srcset=\"https:\/\/vilnodentic.pl\/wp-content\/uploads\/2025\/08\/7_Natalia_Hetta_asystentka_stomatologiczna.jpg 533w, https:\/\/vilnodentic.pl\/wp-content\/uploads\/2025\/08\/7_Natalia_Hetta_asystentka_stomatologiczna-200x300.jpg 200w\" sizes=\"(max-width: 533px) 100vw, 533px\" \/><\/figure><div class=\"elementor-image-box-content\"><h3 class=\"elementor-image-box-title\">Natalia Hetta<br\/><small>Asystentka stomatologiczna<\/small><\/h3><\/div><\/div>\t\t\t\t<\/div>\n\t\t\t\t<\/div>\n\t\t\t\t\t<\/div>\n\t\t<\/div>\n\t\t\t\t\t<\/div>\n\t\t<\/section>\n\t\t\t\t<section class=\"elementor-section elementor-inner-section elementor-element elementor-element-c9a9ca3 elementor-section-content-space-evenly elementor-section-boxed elementor-section-height-default elementor-section-height-default\" data-id=\"c9a9ca3\" data-element_type=\"section\" data-settings=\"{&quot;ekit_has_onepagescroll_dot&quot;:&quot;yes&quot;}\">\n\t\t\t\t\t\t<div class=\"elementor-container elementor-column-gap-default\">\n\t\t\t\t\t<div class=\"elementor-column elementor-col-33 elementor-inner-column elementor-element elementor-element-88b9b02\" data-id=\"88b9b02\" data-element_type=\"column\" data-settings=\"{&quot;background_background&quot;:&quot;gradient&quot;}\">\n\t\t\t<div class=\"elementor-widget-wrap elementor-element-populated\">\n\t\t\t\t\t\t<div class=\"elementor-element elementor-element-b84fe0a elementor-position-top elementor-widget elementor-widget-image-box\" data-id=\"b84fe0a\" data-element_type=\"widget\" data-settings=\"{&quot;ekit_we_effect_on&quot;:&quot;none&quot;}\" data-widget_type=\"image-box.default\">\n\t\t\t\t<div class=\"elementor-widget-container\">\n\t\t\t\t\t<div class=\"elementor-image-box-wrapper\"><figure class=\"elementor-image-box-img\"><img loading=\"lazy\" decoding=\"async\" width=\"533\" height=\"800\" src=\"https:\/\/vilnodentic.pl\/wp-content\/uploads\/2025\/08\/5_Elzbieta_Murawska_asystentka_stomatologiczna_higienistka.jpg\" class=\"attachment-full size-full wp-image-353\" alt=\"\" srcset=\"https:\/\/vilnodentic.pl\/wp-content\/uploads\/2025\/08\/5_Elzbieta_Murawska_asystentka_stomatologiczna_higienistka.jpg 533w, https:\/\/vilnodentic.pl\/wp-content\/uploads\/2025\/08\/5_Elzbieta_Murawska_asystentka_stomatologiczna_higienistka-200x300.jpg 200w\" sizes=\"(max-width: 533px) 100vw, 533px\" \/><\/figure><div class=\"elementor-image-box-content\"><h3 class=\"elementor-image-box-title\">El\u017cbieta Murawska<br\/><small>Asystentka stomatologiczna, higienistka<\/small><\/h3><\/div><\/div>\t\t\t\t<\/div>\n\t\t\t\t<\/div>\n\t\t\t\t\t<\/div>\n\t\t<\/div>\n\t\t\t\t<div class=\"elementor-column elementor-col-33 elementor-inner-column elementor-element elementor-element-ce5606e\" data-id=\"ce5606e\" data-element_type=\"column\" data-settings=\"{&quot;background_background&quot;:&quot;gradient&quot;}\">\n\t\t\t<div class=\"elementor-widget-wrap elementor-element-populated\">\n\t\t\t\t\t\t<div class=\"elementor-element elementor-element-cecf494 elementor-position-top elementor-widget elementor-widget-image-box\" data-id=\"cecf494\" data-element_type=\"widget\" data-settings=\"{&quot;ekit_we_effect_on&quot;:&quot;none&quot;}\" data-widget_type=\"image-box.default\">\n\t\t\t\t<div class=\"elementor-widget-container\">\n\t\t\t\t\t<div class=\"elementor-image-box-wrapper\"><figure class=\"elementor-image-box-img\"><img loading=\"lazy\" decoding=\"async\" width=\"533\" height=\"800\" src=\"https:\/\/vilnodentic.pl\/wp-content\/uploads\/2025\/08\/6_Kristina_Tereshchenko_asystentka_stomatologiczna_higienistka.jpg\" class=\"attachment-full size-full wp-image-354\" alt=\"\" srcset=\"https:\/\/vilnodentic.pl\/wp-content\/uploads\/2025\/08\/6_Kristina_Tereshchenko_asystentka_stomatologiczna_higienistka.jpg 533w, https:\/\/vilnodentic.pl\/wp-content\/uploads\/2025\/08\/6_Kristina_Tereshchenko_asystentka_stomatologiczna_higienistka-200x300.jpg 200w\" sizes=\"(max-width: 533px) 100vw, 533px\" \/><\/figure><div class=\"elementor-image-box-content\"><h3 class=\"elementor-image-box-title\">Kristina Tereshchenko<br\/><small>Asystentka stomatologiczna, higienistka<\/small><\/h3><\/div><\/div>\t\t\t\t<\/div>\n\t\t\t\t<\/div>\n\t\t\t\t\t<\/div>\n\t\t<\/div>\n\t\t\t\t<div class=\"elementor-column elementor-col-33 elementor-inner-column elementor-element elementor-element-9693d01\" data-id=\"9693d01\" data-element_type=\"column\" data-settings=\"{&quot;background_background&quot;:&quot;gradient&quot;}\">\n\t\t\t<div class=\"elementor-widget-wrap elementor-element-populated\">\n\t\t\t\t\t\t<div class=\"elementor-element elementor-element-ffa78cd elementor-position-top elementor-widget elementor-widget-image-box\" data-id=\"ffa78cd\" data-element_type=\"widget\" data-settings=\"{&quot;ekit_we_effect_on&quot;:&quot;none&quot;}\" data-widget_type=\"image-box.default\">\n\t\t\t\t<div class=\"elementor-widget-container\">\n\t\t\t\t\t<div class=\"elementor-image-box-wrapper\"><figure class=\"elementor-image-box-img\"><img loading=\"lazy\" decoding=\"async\" width=\"533\" height=\"800\" src=\"https:\/\/vilnodentic.pl\/wp-content\/uploads\/2025\/08\/8_Elzbieta_Kadej_recepcja.jpg\" class=\"attachment-full size-full wp-image-356\" alt=\"\" srcset=\"https:\/\/vilnodentic.pl\/wp-content\/uploads\/2025\/08\/8_Elzbieta_Kadej_recepcja.jpg 533w, https:\/\/vilnodentic.pl\/wp-content\/uploads\/2025\/08\/8_Elzbieta_Kadej_recepcja-200x300.jpg 200w\" sizes=\"(max-width: 533px) 100vw, 533px\" \/><\/figure><div class=\"elementor-image-box-content\"><h3 class=\"elementor-image-box-title\">El\u017cbieta Kadej<br\/><small>recepcja<\/small><\/h3><\/div><\/div>\t\t\t\t<\/div>\n\t\t\t\t<\/div>\n\t\t\t\t\t<\/div>\n\t\t<\/div>\n\t\t\t\t\t<\/div>\n\t\t<\/section>\n\t\t\t\t\t<\/div>\n\t\t<\/div>\n\t\t\t\t\t<\/div>\n\t\t<\/section>\n\t\t\t\t<\/div>\n\t\t","protected":false},"excerpt":{"rendered":"<p>ZESP\u00d3\u0141 Julia LukasiewiczLekarz dentysta Specjalizuje si\u0119 w protetyce, stomatologii estetycznej i medycynie estetyczne. Weronika Wi\u015bniewskaLekarz stomatolog Stomatologia zachowawcza i dzieci\u0119caAbsolwentka Warszawskiego Uniwersytetu Medycznego. W codziennej praktyce zajmuje si\u0119 stomatologi\u0105 zachowawcz\u0105 oraz stomatologi\u0105 dzieci\u0119c\u0105 stale poszerzaj\u0105c swoj\u0105 wiedz\u0119 i umiej\u0119tno\u015bci z tego zakresu w profesjonalnych szkoleniach. Zainteresowana nowo\u015bciami w \u015bwiecie stomatologii, kt\u00f3rymi dzieli si\u0119 w dziale [&hellip;]<\/p>\n","protected":false},"author":1,"featured_media":0,"parent":0,"menu_order":0,"comment_status":"closed","ping_status":"closed","template":"","meta":{"footnotes":""},"class_list":["post-585","page","type-page","status-publish","hentry"],"_links":{"self":[{"href":"https:\/\/vilnodentic.pl\/index.php\/wp-json\/wp\/v2\/pages\/585","targetHints":{"allow":["GET"]}}],"collection":[{"href":"https:\/\/vilnodentic.pl\/index.php\/wp-json\/wp\/v2\/pages"}],"about":[{"href":"https:\/\/vilnodentic.pl\/index.php\/wp-json\/wp\/v2\/types\/page"}],"author":[{"embeddable":true,"href":"https:\/\/vilnodentic.pl\/index.php\/wp-json\/wp\/v2\/users\/1"}],"replies":[{"embeddable":true,"href":"https:\/\/vilnodentic.pl\/index.php\/wp-json\/wp\/v2\/comments?post=585"}],"version-history":[{"count":106,"href":"https:\/\/vilnodentic.pl\/index.php\/wp-json\/wp\/v2\/pages\/585\/revisions"}],"predecessor-version":[{"id":692,"href":"https:\/\/vilnodentic.pl\/index.php\/wp-json\/wp\/v2\/pages\/585\/revisions\/692"}],"wp:attachment":[{"href":"https:\/\/vilnodentic.pl\/index.php\/wp-json\/wp\/v2\/media?parent=585"}],"curies":[{"name":"wp","href":"https:\/\/api.w.org\/{rel}","templated":true}]}}